{"id":26,"date":"2023-10-27T20:28:50","date_gmt":"2023-10-27T20:28:50","guid":{"rendered":"https:\/\/sorgenfreireisen.bellmado.de\/contact-us\/"},"modified":"2023-11-09T11:55:09","modified_gmt":"2023-11-09T11:55:09","slug":"kontakt","status":"publish","type":"page","link":"https:\/\/sorgenfreireisen.bellmado.de\/?page_id=26","title":{"rendered":"Kontakt"},"content":{"rendered":"\t\t<div data-elementor-type=\"wp-page\" data-elementor-id=\"26\" class=\"elementor elementor-26\" data-elementor-post-type=\"page\">\n\t\t\t\t<div class=\"elementor-element elementor-element-39ade6d e-flex e-con-boxed e-con e-parent\" data-id=\"39ade6d\" data-element_type=\"container\" data-e-type=\"container\">\n\t\t\t\t\t<div class=\"e-con-inner\">\n\t\t\t\t<div class=\"elementor-element elementor-element-54f4001 elementor-widget elementor-widget-heading\" data-id=\"54f4001\" data-element_type=\"widget\" data-e-type=\"widget\" data-widget_type=\"heading.default\">\n\t\t\t\t<div class=\"elementor-widget-container\">\n\t\t\t\t\t<h2 class=\"elementor-heading-title elementor-size-default\">Unsere Unternehmen<\/h2>\t\t\t\t<\/div>\n\t\t\t\t<\/div>\n\t\t\t\t<div class=\"elementor-element elementor-element-ced09f1 elementor-widget elementor-widget-text-editor\" data-id=\"ced09f1\" data-element_type=\"widget\" data-e-type=\"widget\" data-widget_type=\"text-editor.default\">\n\t\t\t\t<div class=\"elementor-widget-container\">\n\t\t\t\t\t\t\t\t\t<p><span class=\"OYPEnA text-decoration-none text-strikethrough-none\">arbeiten zusammen, um qualitativ hochwertige Dienstleistungen anzubieten.<br \/>Unser Rundum-Sorglos-Service erm\u00f6glicht das Reisen f\u00fcr alle, die auf spezialisierte Pflegekr\u00e4fte und Betreuer angewiesen sind.<br \/><\/span><span style=\"color: var( --e-global-color-text ); font-family: var( --e-global-typography-text-font-family ), Sans-serif; font-size: var( --e-global-typography-text-font-size ); font-style: var( --e-global-typography-text-font-style ); font-weight: var( --e-global-typography-text-font-weight ); letter-spacing: var( --e-global-typography-text-letter-spacing ); text-transform: var( --e-global-typography-text-text-transform ); background-color: var( --e-global-color-c696dce );\">Diese begleiten ausgew\u00e4hlte Gruppenreisen und bieten pers\u00f6nliche Unterst\u00fctzung.<\/span><\/p>\t\t\t\t\t\t\t\t<\/div>\n\t\t\t\t<\/div>\n\t\t\t\t\t<\/div>\n\t\t\t\t<\/div>\n\t\t<div class=\"elementor-element elementor-element-2b748560 e-con-full e-flex e-con e-parent\" data-id=\"2b748560\" data-element_type=\"container\" data-e-type=\"container\" data-settings=\"{&quot;background_background&quot;:&quot;classic&quot;}\">\n\t\t<div class=\"elementor-element elementor-element-1b1ce8cf e-con-full e-flex e-con e-child\" data-id=\"1b1ce8cf\" data-element_type=\"container\" data-e-type=\"container\">\n\t\t\t\t<div class=\"elementor-element elementor-element-2983c975 elementor-widget-mobile__width-initial elementor-widget elementor-widget-image\" data-id=\"2983c975\" data-element_type=\"widget\" data-e-type=\"widget\" data-settings=\"{&quot;motion_fx_motion_fx_scrolling&quot;:&quot;yes&quot;,&quot;motion_fx_translateY_effect&quot;:&quot;yes&quot;,&quot;motion_fx_translateY_speed&quot;:{&quot;unit&quot;:&quot;px&quot;,&quot;size&quot;:1,&quot;sizes&quot;:[]},&quot;motion_fx_devices&quot;:[&quot;desktop&quot;,&quot;tablet&quot;],&quot;motion_fx_translateY_affectedRange&quot;:{&quot;unit&quot;:&quot;%&quot;,&quot;size&quot;:&quot;&quot;,&quot;sizes&quot;:{&quot;start&quot;:0,&quot;end&quot;:100}}}\" data-widget_type=\"image.default\">\n\t\t\t\t<div class=\"elementor-widget-container\">\n\t\t\t\t\t\t\t\t\t\t\t\t<figure class=\"wp-caption\">\n\t\t\t\t\t\t\t\t\t\t<img fetchpriority=\"high\" decoding=\"async\" width=\"300\" height=\"300\" src=\"https:\/\/sorgenfreireisen.bellmado.de\/wp-content\/uploads\/2023\/11\/HUM5624a_Chris-und-Tania-Manteufel-photos-6cbae57b-300x300.jpg\" class=\"attachment-medium size-medium wp-image-339\" alt=\"\" srcset=\"https:\/\/sorgenfreireisen.bellmado.de\/wp-content\/uploads\/2023\/11\/HUM5624a_Chris-und-Tania-Manteufel-photos-6cbae57b-300x300.jpg 300w, https:\/\/sorgenfreireisen.bellmado.de\/wp-content\/uploads\/2023\/11\/HUM5624a_Chris-und-Tania-Manteufel-photos-6cbae57b-150x150.jpg 150w, https:\/\/sorgenfreireisen.bellmado.de\/wp-content\/uploads\/2023\/11\/HUM5624a_Chris-und-Tania-Manteufel-photos-6cbae57b.jpg 350w\" sizes=\"(max-width: 300px) 100vw, 300px\" \/>\t\t\t\t\t\t\t\t\t\t\t<figcaption class=\"widget-image-caption wp-caption-text\">Thomas Moll<\/figcaption>\n\t\t\t\t\t\t\t\t\t\t<\/figure>\n\t\t\t\t\t\t\t\t\t<\/div>\n\t\t\t\t<\/div>\n\t\t\t\t<div class=\"elementor-element elementor-element-3fbea320 elementor-widget-mobile__width-initial elementor-widget elementor-widget-image\" data-id=\"3fbea320\" data-element_type=\"widget\" data-e-type=\"widget\" data-settings=\"{&quot;motion_fx_motion_fx_scrolling&quot;:&quot;yes&quot;,&quot;motion_fx_translateY_effect&quot;:&quot;yes&quot;,&quot;motion_fx_translateY_direction&quot;:&quot;negative&quot;,&quot;motion_fx_translateY_speed&quot;:{&quot;unit&quot;:&quot;px&quot;,&quot;size&quot;:1,&quot;sizes&quot;:[]},&quot;motion_fx_devices&quot;:[&quot;desktop&quot;,&quot;tablet&quot;],&quot;motion_fx_translateY_affectedRange&quot;:{&quot;unit&quot;:&quot;%&quot;,&quot;size&quot;:&quot;&quot;,&quot;sizes&quot;:{&quot;start&quot;:0,&quot;end&quot;:100}}}\" data-widget_type=\"image.default\">\n\t\t\t\t<div class=\"elementor-widget-container\">\n\t\t\t\t\t\t\t\t\t\t\t\t<figure class=\"wp-caption\">\n\t\t\t\t\t\t\t\t\t\t<img decoding=\"async\" width=\"350\" height=\"350\" src=\"https:\/\/sorgenfreireisen.bellmado.de\/wp-content\/uploads\/2023\/11\/HUM5731a_Chris-und-Tania-Manteufel-photos-8ac35070.jpg\" class=\"attachment-large size-large wp-image-340\" alt=\"\" srcset=\"https:\/\/sorgenfreireisen.bellmado.de\/wp-content\/uploads\/2023\/11\/HUM5731a_Chris-und-Tania-Manteufel-photos-8ac35070.jpg 350w, https:\/\/sorgenfreireisen.bellmado.de\/wp-content\/uploads\/2023\/11\/HUM5731a_Chris-und-Tania-Manteufel-photos-8ac35070-300x300.jpg 300w, https:\/\/sorgenfreireisen.bellmado.de\/wp-content\/uploads\/2023\/11\/HUM5731a_Chris-und-Tania-Manteufel-photos-8ac35070-150x150.jpg 150w\" sizes=\"(max-width: 350px) 100vw, 350px\" \/>\t\t\t\t\t\t\t\t\t\t\t<figcaption class=\"widget-image-caption wp-caption-text\">Anna Moll<\/figcaption>\n\t\t\t\t\t\t\t\t\t\t<\/figure>\n\t\t\t\t\t\t\t\t\t<\/div>\n\t\t\t\t<\/div>\n\t\t\t\t<\/div>\n\t\t<div class=\"elementor-element elementor-element-983f5cf e-con-full e-flex e-con e-child\" data-id=\"983f5cf\" data-element_type=\"container\" data-e-type=\"container\">\n\t\t\t\t<div class=\"elementor-element elementor-element-4083a1f8 elementor-invisible elementor-widget elementor-widget-heading\" data-id=\"4083a1f8\" data-element_type=\"widget\" data-e-type=\"widget\" data-settings=\"{&quot;_animation&quot;:&quot;fadeIn&quot;}\" data-widget_type=\"heading.default\">\n\t\t\t\t<div class=\"elementor-widget-container\">\n\t\t\t\t\t<h2 class=\"elementor-heading-title elementor-size-default\">Kontakt zum:<\/h2>\t\t\t\t<\/div>\n\t\t\t\t<\/div>\n\t\t\t\t<div class=\"elementor-element elementor-element-0027b8d elementor-widget elementor-widget-heading\" data-id=\"0027b8d\" data-element_type=\"widget\" data-e-type=\"widget\" data-widget_type=\"heading.default\">\n\t\t\t\t<div class=\"elementor-widget-container\">\n\t\t\t\t\t<h2 class=\"elementor-heading-title elementor-size-default\">Pflegedienst Moll<\/h2>\t\t\t\t<\/div>\n\t\t\t\t<\/div>\n\t\t\t\t<div class=\"elementor-element elementor-element-3e9f5dd0 elementor-invisible elementor-widget elementor-widget-text-editor\" data-id=\"3e9f5dd0\" data-element_type=\"widget\" data-e-type=\"widget\" data-settings=\"{&quot;_animation&quot;:&quot;fadeIn&quot;,&quot;_animation_delay&quot;:200}\" data-widget_type=\"text-editor.default\">\n\t\t\t\t<div class=\"elementor-widget-container\">\n\t\t\t\t\t\t\t\t\t<p><span class=\"OYPEnA text-decoration-none text-strikethrough-none\">Wir sind ein Pflegedienst in Grevesm\u00fchlen und Umgebung, der Ihnen ein ganzheitliches Pflegekonzept anbietet. Unser Ziel ist es, dass Sie Ihren Lebensabend zu Hause verbringen und dabei Ihren Alltag eigenst\u00e4ndig und selbstbestimmt gestalten k\u00f6nnen. Wir unterst\u00fctzen Sie dabei, auch auf Reisen gut versorgt zu sein.<\/span><\/p>\t\t\t\t\t\t\t\t<\/div>\n\t\t\t\t<\/div>\n\t\t\t\t<div class=\"elementor-element elementor-element-bccc68b elementor-widget elementor-widget-text-editor\" data-id=\"bccc68b\" data-element_type=\"widget\" data-e-type=\"widget\" data-widget_type=\"text-editor.default\">\n\t\t\t\t<div class=\"elementor-widget-container\">\n\t\t\t\t\t\t\t\t\t<h2>Telefon: 03881-7566885<\/h2>\t\t\t\t\t\t\t\t<\/div>\n\t\t\t\t<\/div>\n\t\t\t\t<div class=\"elementor-element elementor-element-18d88cc elementor-widget elementor-widget-text-editor\" data-id=\"18d88cc\" data-element_type=\"widget\" data-e-type=\"widget\" data-widget_type=\"text-editor.default\">\n\t\t\t\t<div class=\"elementor-widget-container\">\n\t\t\t\t\t\t\t\t\t<h5>E-Mail: info@pflegedienst-moll.de<\/h5>\t\t\t\t\t\t\t\t<\/div>\n\t\t\t\t<\/div>\n\t\t\t\t<\/div>\n\t\t\t\t<\/div>\n\t\t<div class=\"elementor-element elementor-element-7ee897c e-con-full e-flex e-con e-parent\" data-id=\"7ee897c\" data-element_type=\"container\" data-e-type=\"container\" data-settings=\"{&quot;background_background&quot;:&quot;classic&quot;}\">\n\t\t<div class=\"elementor-element elementor-element-f145411 e-con-full e-flex e-con e-child\" data-id=\"f145411\" data-element_type=\"container\" data-e-type=\"container\">\n\t\t\t\t<div class=\"elementor-element elementor-element-830868e elementor-widget-mobile__width-initial elementor-widget elementor-widget-image\" data-id=\"830868e\" data-element_type=\"widget\" data-e-type=\"widget\" data-settings=\"{&quot;motion_fx_motion_fx_scrolling&quot;:&quot;yes&quot;,&quot;motion_fx_translateY_effect&quot;:&quot;yes&quot;,&quot;motion_fx_translateY_direction&quot;:&quot;negative&quot;,&quot;motion_fx_translateY_speed&quot;:{&quot;unit&quot;:&quot;px&quot;,&quot;size&quot;:1,&quot;sizes&quot;:[]},&quot;motion_fx_devices&quot;:[&quot;desktop&quot;,&quot;tablet&quot;],&quot;motion_fx_translateY_affectedRange&quot;:{&quot;unit&quot;:&quot;%&quot;,&quot;size&quot;:&quot;&quot;,&quot;sizes&quot;:{&quot;start&quot;:0,&quot;end&quot;:100}}}\" data-widget_type=\"image.default\">\n\t\t\t\t<div class=\"elementor-widget-container\">\n\t\t\t\t\t\t\t\t\t\t\t\t<figure class=\"wp-caption\">\n\t\t\t\t\t\t\t\t\t\t<img decoding=\"async\" width=\"300\" height=\"500\" src=\"https:\/\/sorgenfreireisen.bellmado.de\/wp-content\/uploads\/2023\/11\/1.jpg\" class=\"attachment-large size-large wp-image-345\" alt=\"\" srcset=\"https:\/\/sorgenfreireisen.bellmado.de\/wp-content\/uploads\/2023\/11\/1.jpg 300w, https:\/\/sorgenfreireisen.bellmado.de\/wp-content\/uploads\/2023\/11\/1-180x300.jpg 180w\" sizes=\"(max-width: 300px) 100vw, 300px\" \/>\t\t\t\t\t\t\t\t\t\t\t<figcaption class=\"widget-image-caption wp-caption-text\">Dorina Reschke<\/figcaption>\n\t\t\t\t\t\t\t\t\t\t<\/figure>\n\t\t\t\t\t\t\t\t\t<\/div>\n\t\t\t\t<\/div>\n\t\t\t\t<div class=\"elementor-element elementor-element-05ac031 elementor-widget-mobile__width-initial elementor-widget elementor-widget-image\" data-id=\"05ac031\" data-element_type=\"widget\" data-e-type=\"widget\" data-settings=\"{&quot;motion_fx_motion_fx_scrolling&quot;:&quot;yes&quot;,&quot;motion_fx_translateY_effect&quot;:&quot;yes&quot;,&quot;motion_fx_translateY_speed&quot;:{&quot;unit&quot;:&quot;px&quot;,&quot;size&quot;:1,&quot;sizes&quot;:[]},&quot;motion_fx_devices&quot;:[&quot;desktop&quot;,&quot;tablet&quot;],&quot;motion_fx_translateY_affectedRange&quot;:{&quot;unit&quot;:&quot;%&quot;,&quot;size&quot;:&quot;&quot;,&quot;sizes&quot;:{&quot;start&quot;:0,&quot;end&quot;:100}}}\" data-widget_type=\"image.default\">\n\t\t\t\t<div class=\"elementor-widget-container\">\n\t\t\t\t\t\t\t\t\t\t\t\t<figure class=\"wp-caption\">\n\t\t\t\t\t\t\t\t\t\t<img loading=\"lazy\" decoding=\"async\" width=\"300\" height=\"500\" src=\"https:\/\/sorgenfreireisen.bellmado.de\/wp-content\/uploads\/2023\/11\/2.jpg\" class=\"attachment-large size-large wp-image-346\" alt=\"\" srcset=\"https:\/\/sorgenfreireisen.bellmado.de\/wp-content\/uploads\/2023\/11\/2.jpg 300w, https:\/\/sorgenfreireisen.bellmado.de\/wp-content\/uploads\/2023\/11\/2-180x300.jpg 180w\" sizes=\"(max-width: 300px) 100vw, 300px\" \/>\t\t\t\t\t\t\t\t\t\t\t<figcaption class=\"widget-image-caption wp-caption-text\">Maik Reschke<\/figcaption>\n\t\t\t\t\t\t\t\t\t\t<\/figure>\n\t\t\t\t\t\t\t\t\t<\/div>\n\t\t\t\t<\/div>\n\t\t\t\t<\/div>\n\t\t<div class=\"elementor-element elementor-element-35d6856 e-con-full e-flex e-con e-child\" data-id=\"35d6856\" data-element_type=\"container\" data-e-type=\"container\">\n\t\t\t\t<div class=\"elementor-element elementor-element-4a91e1f elementor-invisible elementor-widget elementor-widget-heading\" data-id=\"4a91e1f\" data-element_type=\"widget\" data-e-type=\"widget\" data-settings=\"{&quot;_animation&quot;:&quot;fadeIn&quot;}\" data-widget_type=\"heading.default\">\n\t\t\t\t<div class=\"elementor-widget-container\">\n\t\t\t\t\t<h2 class=\"elementor-heading-title elementor-size-default\">Kontakt zur:<\/h2>\t\t\t\t<\/div>\n\t\t\t\t<\/div>\n\t\t\t\t<div class=\"elementor-element elementor-element-6706563 elementor-widget elementor-widget-heading\" data-id=\"6706563\" data-element_type=\"widget\" data-e-type=\"widget\" data-widget_type=\"heading.default\">\n\t\t\t\t<div class=\"elementor-widget-container\">\n\t\t\t\t\t<h2 class=\"elementor-heading-title elementor-size-default\">Bellmado Reisewelt<\/h2>\t\t\t\t<\/div>\n\t\t\t\t<\/div>\n\t\t\t\t<div class=\"elementor-element elementor-element-841f375 elementor-invisible elementor-widget elementor-widget-text-editor\" data-id=\"841f375\" data-element_type=\"widget\" data-e-type=\"widget\" data-settings=\"{&quot;_animation&quot;:&quot;fadeIn&quot;,&quot;_animation_delay&quot;:200}\" data-widget_type=\"text-editor.default\">\n\t\t\t\t<div class=\"elementor-widget-container\">\n\t\t\t\t\t\t\t\t\t<p><span class=\"OYPEnA text-decoration-none text-strikethrough-none\">Wir sind Experten f\u00fcr Traumreisen und beraten Sie umfassend. <br \/>Dank unserer jahrelangen Erfahrung und unserer eigenen Reiseleidenschaft planen wir gemeinsam mit Ihnen eine unvergessliche Reise.<\/span><\/p>\t\t\t\t\t\t\t\t<\/div>\n\t\t\t\t<\/div>\n\t\t\t\t<div class=\"elementor-element elementor-element-47b4335 elementor-widget elementor-widget-text-editor\" data-id=\"47b4335\" data-element_type=\"widget\" data-e-type=\"widget\" data-widget_type=\"text-editor.default\">\n\t\t\t\t<div class=\"elementor-widget-container\">\n\t\t\t\t\t\t\t\t\t<h2>Telefon: 03881-7585458<\/h2>\t\t\t\t\t\t\t\t<\/div>\n\t\t\t\t<\/div>\n\t\t\t\t<div class=\"elementor-element elementor-element-f87d628 elementor-widget elementor-widget-text-editor\" data-id=\"f87d628\" data-element_type=\"widget\" data-e-type=\"widget\" data-widget_type=\"text-editor.default\">\n\t\t\t\t<div class=\"elementor-widget-container\">\n\t\t\t\t\t\t\t\t\t<h5>E-Mail: info@bellmado.de<\/h5>\t\t\t\t\t\t\t\t<\/div>\n\t\t\t\t<\/div>\n\t\t\t\t<\/div>\n\t\t\t\t<\/div>\n\t\t\t\t<\/div>\n\t\t","protected":false},"excerpt":{"rendered":"<p>Unsere Unternehmen arbeiten zusammen, um qualitativ hochwertige Dienstleistungen anzubieten.Unser Rundum-Sorglos-Service erm\u00f6glicht das Reisen f\u00fcr alle, die auf spezialisierte Pflegekr\u00e4fte und Betreuer angewiesen sind.Diese begleiten ausgew\u00e4hlte Gruppenreisen und bieten pers\u00f6nliche Unterst\u00fctzung. Thomas Moll Anna Moll Kontakt zum: Pflegedienst Moll Wir sind ein Pflegedienst in Grevesm\u00fchlen und Umgebung, der Ihnen ein ganzheitliches Pflegekonzept anbietet. Unser Ziel ist [&hellip;]<\/p>\n","protected":false},"author":1,"featured_media":0,"parent":0,"menu_order":0,"comment_status":"closed","ping_status":"closed","template":"elementor_header_footer","meta":{"footnotes":""},"class_list":["post-26","page","type-page","status-publish","hentry"],"_links":{"self":[{"href":"https:\/\/sorgenfreireisen.bellmado.de\/index.php?rest_route=\/wp\/v2\/pages\/26"}],"collection":[{"href":"https:\/\/sorgenfreireisen.bellmado.de\/index.php?rest_route=\/wp\/v2\/pages"}],"about":[{"href":"https:\/\/sorgenfreireisen.bellmado.de\/index.php?rest_route=\/wp\/v2\/types\/page"}],"author":[{"embeddable":true,"href":"https:\/\/sorgenfreireisen.bellmado.de\/index.php?rest_route=\/wp\/v2\/users\/1"}],"replies":[{"embeddable":true,"href":"https:\/\/sorgenfreireisen.bellmado.de\/index.php?rest_route=%2Fwp%2Fv2%2Fcomments&post=26"}],"version-history":[{"count":74,"href":"https:\/\/sorgenfreireisen.bellmado.de\/index.php?rest_route=\/wp\/v2\/pages\/26\/revisions"}],"predecessor-version":[{"id":527,"href":"https:\/\/sorgenfreireisen.bellmado.de\/index.php?rest_route=\/wp\/v2\/pages\/26\/revisions\/527"}],"wp:attachment":[{"href":"https:\/\/sorgenfreireisen.bellmado.de\/index.php?rest_route=%2Fwp%2Fv2%2Fmedia&parent=26"}],"curies":[{"name":"wp","href":"https:\/\/api.w.org\/{rel}","templated":true}]}}