{"id":31,"date":"2023-10-27T20:28:52","date_gmt":"2023-10-27T20:28:52","guid":{"rendered":"https:\/\/sorgenfreireisen.bellmado.de\/our-services\/"},"modified":"2026-03-13T15:16:31","modified_gmt":"2026-03-13T15:16:31","slug":"reisen","status":"publish","type":"page","link":"https:\/\/sorgenfreireisen.bellmado.de\/?page_id=31","title":{"rendered":"Reisen"},"content":{"rendered":"\t\t<div data-elementor-type=\"wp-page\" data-elementor-id=\"31\" class=\"elementor elementor-31\" data-elementor-post-type=\"page\">\n\t\t\t\t<div class=\"elementor-element elementor-element-25a8cae7 e-flex e-con-boxed e-con e-parent\" data-id=\"25a8cae7\" data-element_type=\"container\" data-e-type=\"container\">\n\t\t\t\t\t<div class=\"e-con-inner\">\n\t\t<div class=\"elementor-element elementor-element-1163c694 e-con-full e-flex e-con e-child\" data-id=\"1163c694\" data-element_type=\"container\" data-e-type=\"container\">\n\t\t\t\t<div class=\"elementor-element elementor-element-37455a3 elementor-invisible elementor-widget elementor-widget-heading\" data-id=\"37455a3\" data-element_type=\"widget\" data-e-type=\"widget\" data-settings=\"{&quot;_animation&quot;:&quot;fadeIn&quot;}\" data-widget_type=\"heading.default\">\n\t\t\t\t<div class=\"elementor-widget-container\">\n\t\t\t\t\t<h1 class=\"elementor-heading-title elementor-size-default\">Unsere Reisen <\/h1>\t\t\t\t<\/div>\n\t\t\t\t<\/div>\n\t\t\t\t<div class=\"elementor-element elementor-element-a01d980 elementor-widget elementor-widget-text-editor\" data-id=\"a01d980\" data-element_type=\"widget\" data-e-type=\"widget\" data-widget_type=\"text-editor.default\">\n\t\t\t\t<div class=\"elementor-widget-container\">\n\t\t\t\t\t\t\t\t\t<p class=\"cvGsUA direction-ltr align-center para-style-body\"><span class=\"OYPEnA text-decoration-none text-strikethrough-none\">Unsere Reiseangebote sind f\u00fcr Personen\u00a0<\/span><span style=\"color: var( --e-global-color-text ); font-family: var( --e-global-typography-text-font-family ), Sans-serif; font-size: var( --e-global-typography-text-font-size ); font-style: var( --e-global-typography-text-font-style ); font-weight: var( --e-global-typography-text-font-weight ); letter-spacing: var( --e-global-typography-text-letter-spacing ); text-transform: var( --e-global-typography-text-text-transform ); background-color: var( --e-global-color-c696dce );\">mit krankheits- oder altersbedingten Einschr\u00e4nkungen besonders geeignet. <\/span><span style=\"color: var( --e-global-color-text ); font-family: var( --e-global-typography-text-font-family ), Sans-serif; font-size: var( --e-global-typography-text-font-size ); font-style: var( --e-global-typography-text-font-style ); font-weight: var( --e-global-typography-text-font-weight ); letter-spacing: var( --e-global-typography-text-letter-spacing ); text-transform: var( --e-global-typography-text-text-transform ); background-color: var( --e-global-color-c696dce );\">In unseren begleiteten, kleinen Gruppen, herrscht eine herzliche, famili\u00e4re Atmosph\u00e4re. Wir nehmen Ihnen den Koffer und alle Sorgen ab,damit Sie sich entspannen und\u00a0<\/span><span style=\"color: var( --e-global-color-text ); font-family: var( --e-global-typography-text-font-family ), Sans-serif; font-size: var( --e-global-typography-text-font-size ); font-style: var( --e-global-typography-text-font-style ); font-weight: var( --e-global-typography-text-font-weight ); letter-spacing: var( --e-global-typography-text-letter-spacing ); text-transform: var( --e-global-typography-text-text-transform ); background-color: var( --e-global-color-c696dce );\">Ihren Urlaub genie\u00dfen k\u00f6nnen.<br \/><\/span><span class=\"OYPEnA text-decoration-none text-strikethrough-none\">Sie haben es sich verdient!<\/span><\/p>\t\t\t\t\t\t\t\t<\/div>\n\t\t\t\t<\/div>\n\t\t\t\t<\/div>\n\t\t<div class=\"elementor-element elementor-element-1fca85c4 e-flex e-con-boxed e-con e-child\" data-id=\"1fca85c4\" data-element_type=\"container\" data-e-type=\"container\">\n\t\t\t\t\t<div class=\"e-con-inner\">\n\t\t\t\t<div class=\"elementor-element elementor-element-31391b7 elementor-widget elementor-widget-video\" data-id=\"31391b7\" data-element_type=\"widget\" data-e-type=\"widget\" data-settings=\"{&quot;youtube_url&quot;:&quot;https:\\\/\\\/youtu.be\\\/GgYkeqFXTmY?si=TPHk8RYwx_jFjDYk&quot;,&quot;start&quot;:0,&quot;video_type&quot;:&quot;youtube&quot;,&quot;controls&quot;:&quot;yes&quot;}\" data-widget_type=\"video.default\">\n\t\t\t\t<div class=\"elementor-widget-container\">\n\t\t\t\t\t\t\t<div class=\"elementor-wrapper elementor-open-inline\">\n\t\t\t<div class=\"elementor-video\"><\/div>\t\t<\/div>\n\t\t\t\t\t\t<\/div>\n\t\t\t\t<\/div>\n\t\t\t\t\t<\/div>\n\t\t\t\t<\/div>\n\t\t\t\t\t<\/div>\n\t\t\t\t<\/div>\n\t\t<div class=\"elementor-element elementor-element-71c6828 e-flex e-con-boxed e-con e-parent\" data-id=\"71c6828\" data-element_type=\"container\" data-e-type=\"container\">\n\t\t\t\t\t<div class=\"e-con-inner\">\n\t\t\t\t<div class=\"elementor-element elementor-element-3f51d44 elementor-widget elementor-widget-spacer\" data-id=\"3f51d44\" data-element_type=\"widget\" data-e-type=\"widget\" data-widget_type=\"spacer.default\">\n\t\t\t\t<div class=\"elementor-widget-container\">\n\t\t\t\t\t\t\t<div class=\"elementor-spacer\">\n\t\t\t<div class=\"elementor-spacer-inner\"><\/div>\n\t\t<\/div>\n\t\t\t\t\t\t<\/div>\n\t\t\t\t<\/div>\n\t\t\t\t\t<\/div>\n\t\t\t\t<\/div>\n\t\t<div class=\"elementor-element elementor-element-195e9cb9 e-flex e-con-boxed e-con e-parent\" data-id=\"195e9cb9\" data-element_type=\"container\" data-e-type=\"container\" data-settings=\"{&quot;background_background&quot;:&quot;classic&quot;}\">\n\t\t\t\t\t<div class=\"e-con-inner\">\n\t\t<div class=\"elementor-element elementor-element-47cf7eed e-con-full e-flex e-con e-child\" data-id=\"47cf7eed\" data-element_type=\"container\" data-e-type=\"container\">\n\t\t\t\t<div class=\"elementor-element elementor-element-677830fc elementor-widget elementor-widget-heading\" data-id=\"677830fc\" data-element_type=\"widget\" data-e-type=\"widget\" data-widget_type=\"heading.default\">\n\t\t\t\t<div class=\"elementor-widget-container\">\n\t\t\t\t\t<h2 class=\"elementor-heading-title elementor-size-default\">Grenzenlos die Welt entdecken<\/h2>\t\t\t\t<\/div>\n\t\t\t\t<\/div>\n\t\t\t\t<div class=\"elementor-element elementor-element-2406e35 elementor-widget elementor-widget-spacer\" data-id=\"2406e35\" data-element_type=\"widget\" data-e-type=\"widget\" data-widget_type=\"spacer.default\">\n\t\t\t\t<div class=\"elementor-widget-container\">\n\t\t\t\t\t\t\t<div class=\"elementor-spacer\">\n\t\t\t<div class=\"elementor-spacer-inner\"><\/div>\n\t\t<\/div>\n\t\t\t\t\t\t<\/div>\n\t\t\t\t<\/div>\n\t\t\t\t<div class=\"elementor-element elementor-element-34049a21 elementor-widget__width-initial elementor-widget elementor-widget-text-editor\" data-id=\"34049a21\" data-element_type=\"widget\" data-e-type=\"widget\" data-widget_type=\"text-editor.default\">\n\t\t\t\t<div class=\"elementor-widget-container\">\n\t\t\t\t\t\t\t\t\t<p>Vielfalt, Freiheit und unvergessliche Urlaubserlebnisse f\u00fcr ausnahmslos alle Menschen \u2013 daf\u00fcr stehen die Kussmundschiffe von AIDA. Damit sich Urlaubs-Fans mit k\u00f6rperlicher Einschr\u00e4nkung sofort geborgen und willkommen f\u00fchlen, sind nahezu alle \u00f6ffentlichen Bereiche an Bord barrierefrei zug\u00e4nglich \u2013 vom Theatrium \u00fcber die Restaurants und Bars bis hin zu den meisten Decks. Um die Seele in Ruhe baumeln zu lassen, stehen verschiedene barrierearme Kabinenvarianten zur Wahl \u2013 von der Innen- bis hin zur Verandakabine. Auf barrierefreien Ausfl\u00fcgen entdecken Sie Land und Leute bequem im eigenen Tempo, w\u00e4hrend an Bord Highlights wie Wellness, Shows und die besten K\u00fcchen der Welt locken. Mit AIDA steckt jeder Urlaub voller M\u00f6glichkeiten. Zeit sie zu genie\u00dfen<\/p>\t\t\t\t\t\t\t\t<\/div>\n\t\t\t\t<\/div>\n\t\t\t\t<\/div>\n\t\t<div class=\"elementor-element elementor-element-504f71e2 e-con-full e-flex e-con e-child\" data-id=\"504f71e2\" data-element_type=\"container\" data-e-type=\"container\" data-settings=\"{&quot;background_background&quot;:&quot;classic&quot;}\">\n\t\t\t\t<div class=\"elementor-element elementor-element-479dc671 elementor-widget elementor-widget-image\" data-id=\"479dc671\" data-element_type=\"widget\" data-e-type=\"widget\" data-widget_type=\"image.default\">\n\t\t\t\t<div class=\"elementor-widget-container\">\n\t\t\t\t\t\t\t\t\t\t\t\t\t\t\t<img fetchpriority=\"high\" decoding=\"async\" width=\"600\" height=\"450\" src=\"https:\/\/sorgenfreireisen.bellmado.de\/wp-content\/uploads\/2023\/11\/2-1.jpg\" class=\"attachment-full size-full wp-image-426\" alt=\"\" srcset=\"https:\/\/sorgenfreireisen.bellmado.de\/wp-content\/uploads\/2023\/11\/2-1.jpg 600w, https:\/\/sorgenfreireisen.bellmado.de\/wp-content\/uploads\/2023\/11\/2-1-300x225.jpg 300w\" sizes=\"(max-width: 600px) 100vw, 600px\" \/>\t\t\t\t\t\t\t\t\t\t\t\t\t\t\t<\/div>\n\t\t\t\t<\/div>\n\t\t\t\t<\/div>\n\t\t\t\t\t<\/div>\n\t\t\t\t<\/div>\n\t\t<div class=\"elementor-element elementor-element-4f8430b3 e-flex e-con-boxed e-con e-parent\" data-id=\"4f8430b3\" data-element_type=\"container\" data-e-type=\"container\">\n\t\t\t\t\t<div class=\"e-con-inner\">\n\t\t<div class=\"elementor-element elementor-element-66c691b4 e-con-full e-flex e-con e-child\" data-id=\"66c691b4\" data-element_type=\"container\" data-e-type=\"container\">\n\t\t<div class=\"elementor-element elementor-element-7cc173af e-con-full e-flex e-con e-child\" data-id=\"7cc173af\" data-element_type=\"container\" data-e-type=\"container\" data-settings=\"{&quot;background_background&quot;:&quot;classic&quot;}\">\n\t\t\t\t<\/div>\n\t\t<div class=\"elementor-element elementor-element-591f9b37 e-con-full e-flex e-con e-child\" data-id=\"591f9b37\" data-element_type=\"container\" data-e-type=\"container\">\n\t\t\t\t<div class=\"elementor-element elementor-element-16fa52b6 elementor-widget elementor-widget-heading\" data-id=\"16fa52b6\" data-element_type=\"widget\" data-e-type=\"widget\" data-widget_type=\"heading.default\">\n\t\t\t\t<div class=\"elementor-widget-container\">\n\t\t\t\t\t<h2 class=\"elementor-heading-title elementor-size-default\">Norwegens Welterbe<\/h2>\t\t\t\t<\/div>\n\t\t\t\t<\/div>\n\t\t\t\t<div class=\"elementor-element elementor-element-648c5f5d elementor-widget elementor-widget-text-editor\" data-id=\"648c5f5d\" data-element_type=\"widget\" data-e-type=\"widget\" data-widget_type=\"text-editor.default\">\n\t\t\t\t<div class=\"elementor-widget-container\">\n\t\t\t\t\t\t\t\t\t<div><p>30.05. \u2013 06.06.2026<br \/>7 Tage ab\/bis Kiel<\/p><p>Kreuzfahrt mit der AIDAnova<\/p><p>\u00a0<\/p><\/div>\t\t\t\t\t\t\t\t<\/div>\n\t\t\t\t<\/div>\n\t\t\t\t<div class=\"elementor-element elementor-element-0e8c28c elementor-widget elementor-widget-text-editor\" data-id=\"0e8c28c\" data-element_type=\"widget\" data-e-type=\"widget\" data-widget_type=\"text-editor.default\">\n\t\t\t\t<div class=\"elementor-widget-container\">\n\t\t\t\t\t\t\t\t\t<p>Kiel&gt; Seetag &gt;Bergen &gt;Welterbe Aurlandsfjors-Passage &gt;Alesund &gt;Seetag &gt; Arhus &gt;Kiel&nbsp;<\/p>\t\t\t\t\t\t\t\t<\/div>\n\t\t\t\t<\/div>\n\t\t\t\t<\/div>\n\t\t\t\t<\/div>\n\t\t<div class=\"elementor-element elementor-element-4a9cd723 e-con-full e-flex e-con e-child\" data-id=\"4a9cd723\" data-element_type=\"container\" data-e-type=\"container\">\n\t\t\t\t<div class=\"elementor-element elementor-element-8383316 elementor-widget elementor-widget-image\" data-id=\"8383316\" data-element_type=\"widget\" data-e-type=\"widget\" data-widget_type=\"image.default\">\n\t\t\t\t<div class=\"elementor-widget-container\">\n\t\t\t\t\t\t\t\t\t\t\t\t\t\t\t<img decoding=\"async\" width=\"512\" height=\"288\" src=\"https:\/\/sorgenfreireisen.bellmado.de\/wp-content\/uploads\/2026\/03\/DE_AIDA_BIG_KEL07485_de-DE.gif\" class=\"attachment-full size-full wp-image-694\" alt=\"\" \/>\t\t\t\t\t\t\t\t\t\t\t\t\t\t\t<\/div>\n\t\t\t\t<\/div>\n\t\t\t\t<\/div>\n\t\t\t\t\t<\/div>\n\t\t\t\t<\/div>\n\t\t<div class=\"elementor-element elementor-element-7d260b6 e-flex e-con-boxed e-con e-parent\" data-id=\"7d260b6\" data-element_type=\"container\" data-e-type=\"container\">\n\t\t\t\t\t<div class=\"e-con-inner\">\n\t\t<div class=\"elementor-element elementor-element-55d5b11 e-con-full e-flex e-con e-child\" data-id=\"55d5b11\" data-element_type=\"container\" data-e-type=\"container\">\n\t\t\t\t<\/div>\n\t\t<div class=\"elementor-element elementor-element-fc36f3d e-con-full e-flex e-con e-child\" data-id=\"fc36f3d\" data-element_type=\"container\" data-e-type=\"container\">\n\t\t\t\t<div class=\"elementor-element elementor-element-c8bd5ee elementor-widget elementor-widget-text-editor\" data-id=\"c8bd5ee\" data-element_type=\"widget\" data-e-type=\"widget\" data-widget_type=\"text-editor.default\">\n\t\t\t\t<div class=\"elementor-widget-container\">\n\t\t\t\t\t\t\t\t\t<h3 data-section-id=\"1pcdtsq\" data-start=\"1281\" data-end=\"1308\">Tag 1 \u2013 Start in Kiel<\/h3>\n<p data-start=\"1309\" data-end=\"1544\">Ihre Reise beginnt bereits von Ihrer Haust\u00fcr. Wir holen Sie ab und fahren gemeinsam zum Hafen von <strong data-start=\"1341\" data-end=\"1382\"><span class=\"hover:entity-accent entity-underline inline cursor-pointer align-baseline\"><span class=\"whitespace-normal\">Kiel<\/span><\/span><\/strong>, dem Tor zu Skandinavien. Nach der Einschiffung auf der modernen <strong data-start=\"1448\" data-end=\"1460\">AIDAnova<\/strong> beginnt Ihr Urlaub auf See \u2013 mit viel Zeit zum Ankommen, Kennenlernen und Genie\u00dfen.<\/p>\n<h3 data-section-id=\"iwqxze\" data-start=\"1546\" data-end=\"1578\">Tag 2 \u2013 Entspannter Seetag<\/h3>\n<p data-start=\"1579\" data-end=\"1791\">Ein Tag zum Durchatmen. Genie\u00dfen Sie die Weite des Meeres, gem\u00fctliche Gespr\u00e4che mit Mitreisenden und die zahlreichen M\u00f6glichkeiten an Bord \u2013 von kulinarischen Highlights bis zu entspannenden Aufenthaltsbereichen.<\/p>\n<h3 data-section-id=\"bhwcdw\" data-start=\"1793\" data-end=\"1826\">Tag 3 \u2013 Farbenfrohes Bergen<\/h3>\n<p data-start=\"1827\" data-end=\"2085\">Willkommen in <strong data-start=\"1841\" data-end=\"1882\"><span class=\"hover:entity-accent entity-underline inline cursor-pointer align-baseline\"><span class=\"whitespace-normal\">Bergen<\/span><\/span><\/strong>, dem Tor zu den Fjorden. Die charmante Hafenstadt begeistert mit bunten Holzh\u00e4usern, maritimer Atmosph\u00e4re und beeindruckender Naturkulisse zwischen Bergen und Meer.<\/p>\n<h3 data-section-id=\"1xiih77\" data-start=\"2087\" data-end=\"2132\">Tag 4 \u2013 Welterbe Aurlandsfjord und Fl\u00e5m<\/h3>\n<p data-start=\"2133\" data-end=\"2548\">Heute erwartet Sie ein H\u00f6hepunkt der Reise: die Fahrt durch den spektakul\u00e4ren <strong data-start=\"2211\" data-end=\"2252\"><span class=\"hover:entity-accent entity-underline inline cursor-pointer align-baseline\"><span class=\"whitespace-normal\">Aurlandsfjord<\/span><\/span><\/strong> und den ber\u00fchmten Ort <strong data-start=\"2275\" data-end=\"2316\"><span class=\"hover:entity-accent entity-underline inline cursor-pointer align-baseline\"><span class=\"whitespace-normal\">Fl\u00e5m<\/span><\/span><\/strong>. Zwischen steilen Felsw\u00e4nden, rauschenden Wasserf\u00e4llen und ruhigem, tiefblauem Wasser erleben Sie eine der sch\u00f6nsten Fjordlandschaften Norwegens \u2013 ein unvergesslicher Moment der Ruhe und Natur.<\/p>\n<h3 data-section-id=\"1yt7n5\" data-start=\"2550\" data-end=\"2587\">Tag 5 \u2013 Jugendstilstadt \u00c5lesund<\/h3>\n<p data-start=\"2588\" data-end=\"2888\">Die charmante K\u00fcstenstadt <strong data-start=\"2614\" data-end=\"2655\"><span class=\"hover:entity-accent entity-underline inline cursor-pointer align-baseline\"><span class=\"whitespace-normal\">\u00c5lesund<\/span><\/span><\/strong> begr\u00fc\u00dft Sie mit ihren besonderen Jugendstilgeb\u00e4uden und einer einzigartigen Lage auf mehreren Inseln. Von hier aus er\u00f6ffnen sich fantastische Ausblicke auf das Meer und die umliegenden Fjorde.<\/p>\n<h3 data-section-id=\"1h1jii7\" data-start=\"2890\" data-end=\"2928\">Tag 6 \u2013 Ein weiterer Tag auf See<\/h3>\n<p data-start=\"2929\" data-end=\"3053\">Nutzen Sie diesen Tag zum Entspannen, f\u00fcr gemeinsame Aktivit\u00e4ten oder einfach zum Genie\u00dfen der Aussicht auf das offene Meer.<\/p>\n<h3 data-section-id=\"17xwvgt\" data-start=\"3055\" data-end=\"3087\">Tag 7 \u2013 R\u00fcckkehr nach Kiel<\/h3>\n<p data-start=\"3088\" data-end=\"3218\">Mit vielen neuen Eindr\u00fccken, sch\u00f6nen Erinnerungen und vielleicht auch neuen Freundschaften kehren Sie wieder nach <strong data-start=\"3202\" data-end=\"3210\">Kiel<\/strong> zur\u00fcck und unser Fahrdienst bringt Sie zur\u00fcck nach Hause.<\/p>\t\t\t\t\t\t\t\t<\/div>\n\t\t\t\t<\/div>\n\t\t\t\t<\/div>\n\t\t\t\t\t<\/div>\n\t\t\t\t<\/div>\n\t\t<div class=\"elementor-element elementor-element-72365be8 e-flex e-con-boxed e-con e-parent\" data-id=\"72365be8\" data-element_type=\"container\" data-e-type=\"container\" data-settings=\"{&quot;background_background&quot;:&quot;classic&quot;}\">\n\t\t\t\t\t<div class=\"e-con-inner\">\n\t\t<div class=\"elementor-element elementor-element-2e8b6a95 e-con-full e-flex e-con e-child\" data-id=\"2e8b6a95\" data-element_type=\"container\" data-e-type=\"container\">\n\t\t\t\t<div class=\"elementor-element elementor-element-5f8f5ed9 elementor-widget elementor-widget-heading\" data-id=\"5f8f5ed9\" data-element_type=\"widget\" data-e-type=\"widget\" data-widget_type=\"heading.default\">\n\t\t\t\t<div class=\"elementor-widget-container\">\n\t\t\t\t\t<h6 class=\"elementor-heading-title elementor-size-default\">Wir beraten Sie gern pers\u00f6nlich<\/h6>\t\t\t\t<\/div>\n\t\t\t\t<\/div>\n\t\t\t\t<div class=\"elementor-element elementor-element-5731af1d elementor-widget elementor-widget-heading\" data-id=\"5731af1d\" data-element_type=\"widget\" data-e-type=\"widget\" data-widget_type=\"heading.default\">\n\t\t\t\t<div class=\"elementor-widget-container\">\n\t\t\t\t\t<h2 class=\"elementor-heading-title elementor-size-default\">Buchen Sie bei uns Ihren Traumurlaub!  <\/h2>\t\t\t\t<\/div>\n\t\t\t\t<\/div>\n\t\t\t\t<div class=\"elementor-element elementor-element-5a5cd79a elementor-widget__width-initial elementor-widget-mobile__width-inherit elementor-widget elementor-widget-text-editor\" data-id=\"5a5cd79a\" data-element_type=\"widget\" data-e-type=\"widget\" data-widget_type=\"text-editor.default\">\n\t\t\t\t<div class=\"elementor-widget-container\">\n\t\t\t\t\t\t\t\t\t<h2>Telefon: 0170-9329605<\/h2>\t\t\t\t\t\t\t\t<\/div>\n\t\t\t\t<\/div>\n\t\t\t\t<div class=\"elementor-element elementor-element-8821b6b elementor-align-left elementor-widget elementor-widget-button\" data-id=\"8821b6b\" data-element_type=\"widget\" data-e-type=\"widget\" data-widget_type=\"button.default\">\n\t\t\t\t<div class=\"elementor-widget-container\">\n\t\t\t\t\t\t\t\t\t<div class=\"elementor-button-wrapper\">\n\t\t\t\t\t<a class=\"elementor-button elementor-button-link elementor-size-sm\" href=\"#\">\n\t\t\t\t\t\t<span class=\"elementor-button-content-wrapper\">\n\t\t\t\t\t\t\t\t\t<span class=\"elementor-button-text\">Kontakt<\/span>\n\t\t\t\t\t<\/span>\n\t\t\t\t\t<\/a>\n\t\t\t\t<\/div>\n\t\t\t\t\t\t\t\t<\/div>\n\t\t\t\t<\/div>\n\t\t\t\t<\/div>\n\t\t<div class=\"elementor-element elementor-element-14433871 e-con-full e-flex e-con e-child\" data-id=\"14433871\" data-element_type=\"container\" data-e-type=\"container\" data-settings=\"{&quot;background_background&quot;:&quot;classic&quot;}\">\n\t\t\t\t<div class=\"elementor-element elementor-element-3f7925dc elementor-widget elementor-widget-image\" data-id=\"3f7925dc\" data-element_type=\"widget\" data-e-type=\"widget\" data-widget_type=\"image.default\">\n\t\t\t\t<div class=\"elementor-widget-container\">\n\t\t\t\t\t\t\t\t\t\t\t\t\t\t\t<img decoding=\"async\" width=\"600\" height=\"450\" src=\"https:\/\/sorgenfreireisen.bellmado.de\/wp-content\/uploads\/2023\/11\/5.jpg\" class=\"attachment-full size-full wp-image-429\" alt=\"\" srcset=\"https:\/\/sorgenfreireisen.bellmado.de\/wp-content\/uploads\/2023\/11\/5.jpg 600w, https:\/\/sorgenfreireisen.bellmado.de\/wp-content\/uploads\/2023\/11\/5-300x225.jpg 300w\" sizes=\"(max-width: 600px) 100vw, 600px\" \/>\t\t\t\t\t\t\t\t\t\t\t\t\t\t\t<\/div>\n\t\t\t\t<\/div>\n\t\t\t\t<div class=\"elementor-element elementor-element-5fef894 elementor-widget elementor-widget-image\" data-id=\"5fef894\" data-element_type=\"widget\" data-e-type=\"widget\" data-widget_type=\"image.default\">\n\t\t\t\t<div class=\"elementor-widget-container\">\n\t\t\t\t\t\t\t\t\t\t\t\t\t\t\t<img loading=\"lazy\" decoding=\"async\" width=\"600\" height=\"450\" src=\"https:\/\/sorgenfreireisen.bellmado.de\/wp-content\/uploads\/2023\/11\/4-1.jpg\" class=\"attachment-full size-full wp-image-428\" alt=\"\" srcset=\"https:\/\/sorgenfreireisen.bellmado.de\/wp-content\/uploads\/2023\/11\/4-1.jpg 600w, https:\/\/sorgenfreireisen.bellmado.de\/wp-content\/uploads\/2023\/11\/4-1-300x225.jpg 300w\" sizes=\"(max-width: 600px) 100vw, 600px\" \/>\t\t\t\t\t\t\t\t\t\t\t\t\t\t\t<\/div>\n\t\t\t\t<\/div>\n\t\t\t\t<\/div>\n\t\t\t\t\t<\/div>\n\t\t\t\t<\/div>\n\t\t<div class=\"elementor-element elementor-element-7c2ef16 e-flex e-con-boxed e-con e-parent\" data-id=\"7c2ef16\" data-element_type=\"container\" data-e-type=\"container\">\n\t\t\t\t\t<div class=\"e-con-inner\">\n\t\t\t\t<div class=\"elementor-element elementor-element-c631746 elementor-widget elementor-widget-spacer\" data-id=\"c631746\" data-element_type=\"widget\" data-e-type=\"widget\" data-widget_type=\"spacer.default\">\n\t\t\t\t<div class=\"elementor-widget-container\">\n\t\t\t\t\t\t\t<div class=\"elementor-spacer\">\n\t\t\t<div class=\"elementor-spacer-inner\"><\/div>\n\t\t<\/div>\n\t\t\t\t\t\t<\/div>\n\t\t\t\t<\/div>\n\t\t\t\t\t<\/div>\n\t\t\t\t<\/div>\n\t\t<div class=\"elementor-element elementor-element-e906397 e-flex e-con-boxed e-con e-parent\" data-id=\"e906397\" data-element_type=\"container\" data-e-type=\"container\">\n\t\t\t\t\t<div class=\"e-con-inner\">\n\t\t<div class=\"elementor-element elementor-element-b8d44be e-con-full e-flex e-con e-child\" data-id=\"b8d44be\" data-element_type=\"container\" data-e-type=\"container\">\n\t\t\t\t<div class=\"elementor-element elementor-element-1e8b536 elementor-widget elementor-widget-image\" data-id=\"1e8b536\" data-element_type=\"widget\" data-e-type=\"widget\" data-widget_type=\"image.default\">\n\t\t\t\t<div class=\"elementor-widget-container\">\n\t\t\t\t\t\t\t\t\t\t\t\t\t\t\t<img loading=\"lazy\" decoding=\"async\" width=\"1536\" height=\"998\" src=\"https:\/\/sorgenfreireisen.bellmado.de\/wp-content\/uploads\/2023\/10\/6-1-1536x998.jpg\" class=\"attachment-1536x1536 size-1536x1536 wp-image-201\" alt=\"\" srcset=\"https:\/\/sorgenfreireisen.bellmado.de\/wp-content\/uploads\/2023\/10\/6-1-1536x998.jpg 1536w, https:\/\/sorgenfreireisen.bellmado.de\/wp-content\/uploads\/2023\/10\/6-1-300x195.jpg 300w, https:\/\/sorgenfreireisen.bellmado.de\/wp-content\/uploads\/2023\/10\/6-1-1024x666.jpg 1024w, https:\/\/sorgenfreireisen.bellmado.de\/wp-content\/uploads\/2023\/10\/6-1-768x499.jpg 768w, https:\/\/sorgenfreireisen.bellmado.de\/wp-content\/uploads\/2023\/10\/6-1.jpg 2000w\" sizes=\"(max-width: 1536px) 100vw, 1536px\" \/>\t\t\t\t\t\t\t\t\t\t\t\t\t\t\t<\/div>\n\t\t\t\t<\/div>\n\t\t\t\t<\/div>\n\t\t<div class=\"elementor-element elementor-element-9dbc2f9 e-con-full e-flex e-con e-child\" data-id=\"9dbc2f9\" data-element_type=\"container\" data-e-type=\"container\">\n\t\t\t\t<div class=\"elementor-element elementor-element-55a004b elementor-widget elementor-widget-heading\" data-id=\"55a004b\" data-element_type=\"widget\" data-e-type=\"widget\" data-widget_type=\"heading.default\">\n\t\t\t\t<div class=\"elementor-widget-container\">\n\t\t\t\t\t<h2 class=\"elementor-heading-title elementor-size-default\">Mit AIDA barrierefrei die Welt entdecken<\/h2>\t\t\t\t<\/div>\n\t\t\t\t<\/div>\n\t\t\t\t<div class=\"elementor-element elementor-element-a9fddd0 elementor-widget elementor-widget-text-editor\" data-id=\"a9fddd0\" data-element_type=\"widget\" data-e-type=\"widget\" data-widget_type=\"text-editor.default\">\n\t\t\t\t<div class=\"elementor-widget-container\">\n\t\t\t\t\t\t\t\t\t<p>F\u00fcr eine barrierefreie Reisevorbereitung und Buchung bietet AIDA individuell angepasste Angebote f\u00fcr G\u00e4ste mit Beeintr\u00e4chtigungen. \u00d6ffentliche Bereiche wie Bars, Restaurants, Lifte, Au\u00dfendecks, WCs und Kabinen sind barrierefrei zug\u00e4nglich und mit Orientierungsbeschilderung in Profil- und Brailleschrift ausgestattet. Am ersten Reisetag gibt es einen Barrierefrei-Treff zur Orientierung an Bord. Fragen zu Ausfl\u00fcgen, Restaurantreservierungen und Unterst\u00fctzung werden hier beantwortet. Barrierearme Balkon- und Innenkabinen sind auf die Bed\u00fcrfnisse k\u00f6rperlich eingeschr\u00e4nkter G\u00e4ste zugeschnitten, mit breiteren T\u00fcren und h\u00f6henverstellbarem Waschbecken. Es gibt viel Stauraum und die M\u00f6glichkeit, Hilfsmittel wie Geh\u00f6rlosen-Sets zu installieren.<\/p><p>An Bord k\u00f6nnen Rollst\u00fchle, Rollatoren, Duschhocker, Toilettensitzerh\u00f6hungen und Geh\u00f6rlosen-Sets ausgeliehen werden. G\u00e4ste mit H\u00f6reinschr\u00e4nkungen haben reservierte Pl\u00e4tze mit verst\u00e4rkten akustischen Signalen. Viele Restaurants sind barrierefrei mit breiten Wegen am Buffet. Tische in der N\u00e4he des Eingangs sind f\u00fcr G\u00e4ste mit Mobilit\u00e4tseinschr\u00e4nkungen reserviert. Alle Restaurants sind auf Allergien vorbereitet, in der Schonkostbar werden gluten- und laktosefreie Speisen angeboten.<\/p><p>Das Ausflugsprogramm ber\u00fccksichtigt G\u00e4ste mit eingeschr\u00e4nkter Gehf\u00e4higkeit und ist in Schwierigkeitsgrade unterteilt. Im Body &amp; Soul Spa und Sport gibt es individuelle L\u00f6sungen f\u00fcr barrierefreie Angebote.<\/p><p>\u00a0<\/p>\t\t\t\t\t\t\t\t<\/div>\n\t\t\t\t<\/div>\n\t\t\t\t<\/div>\n\t\t\t\t\t<\/div>\n\t\t\t\t<\/div>\n\t\t\t\t<\/div>\n\t\t","protected":false},"excerpt":{"rendered":"<p>Unsere Reisen Unsere Reiseangebote sind f\u00fcr Personen\u00a0mit krankheits- oder altersbedingten Einschr\u00e4nkungen besonders geeignet. In unseren begleiteten, kleinen Gruppen, herrscht eine herzliche, famili\u00e4re Atmosph\u00e4re. Wir nehmen Ihnen den Koffer und alle Sorgen ab,damit Sie sich entspannen und\u00a0Ihren Urlaub genie\u00dfen k\u00f6nnen.Sie haben es sich verdient! https:\/\/youtu.be\/GgYkeqFXTmY?si=TPHk8RYwx_jFjDYk Grenzenlos die Welt entdecken Vielfalt, Freiheit und unvergessliche Urlaubserlebnisse f\u00fcr ausnahmslos [&hellip;]<\/p>\n","protected":false},"author":1,"featured_media":0,"parent":0,"menu_order":0,"comment_status":"closed","ping_status":"closed","template":"elementor_header_footer","meta":{"footnotes":""},"class_list":["post-31","page","type-page","status-publish","hentry"],"_links":{"self":[{"href":"https:\/\/sorgenfreireisen.bellmado.de\/index.php?rest_route=\/wp\/v2\/pages\/31"}],"collection":[{"href":"https:\/\/sorgenfreireisen.bellmado.de\/index.php?rest_route=\/wp\/v2\/pages"}],"about":[{"href":"https:\/\/sorgenfreireisen.bellmado.de\/index.php?rest_route=\/wp\/v2\/types\/page"}],"author":[{"embeddable":true,"href":"https:\/\/sorgenfreireisen.bellmado.de\/index.php?rest_route=\/wp\/v2\/users\/1"}],"replies":[{"embeddable":true,"href":"https:\/\/sorgenfreireisen.bellmado.de\/index.php?rest_route=%2Fwp%2Fv2%2Fcomments&post=31"}],"version-history":[{"count":91,"href":"https:\/\/sorgenfreireisen.bellmado.de\/index.php?rest_route=\/wp\/v2\/pages\/31\/revisions"}],"predecessor-version":[{"id":725,"href":"https:\/\/sorgenfreireisen.bellmado.de\/index.php?rest_route=\/wp\/v2\/pages\/31\/revisions\/725"}],"wp:attachment":[{"href":"https:\/\/sorgenfreireisen.bellmado.de\/index.php?rest_route=%2Fwp%2Fv2%2Fmedia&parent=31"}],"curies":[{"name":"wp","href":"https:\/\/api.w.org\/{rel}","templated":true}]}}